{"id":683,"date":"2025-06-08T17:27:58","date_gmt":"2025-06-08T14:27:58","guid":{"rendered":"https:\/\/vereinrhein.ch\/?page_id=683"},"modified":"2025-06-08T18:33:35","modified_gmt":"2025-06-08T15:33:35","slug":"fastenbrechen","status":"publish","type":"page","link":"https:\/\/vereinrhein.ch\/?page_id=683","title":{"rendered":"Fastenbrechen"},"content":{"rendered":"\t\t<div data-elementor-type=\"wp-page\" data-elementor-id=\"683\" class=\"elementor elementor-683\" data-elementor-post-type=\"page\">\n\t\t\t\t<div class=\"elementor-element elementor-element-06021f0 e-con-full e-flex e-con e-parent\" data-id=\"06021f0\" data-element_type=\"container\" data-e-type=\"container\" data-settings=\"{&quot;ekit_has_onepagescroll_dot&quot;:&quot;yes&quot;}\">\n\t\t\t\t<div class=\"elementor-element elementor-element-3688a799 elementor-widget elementor-widget-heading\" data-id=\"3688a799\" data-element_type=\"widget\" data-e-type=\"widget\" data-settings=\"{&quot;ekit_we_effect_on&quot;:&quot;none&quot;}\" data-widget_type=\"heading.default\">\n\t\t\t\t<div class=\"elementor-widget-container\">\n\t\t\t\t\t<h2 class=\"elementor-heading-title elementor-size-default\">Fastenbrechen\n<\/h2>\t\t\t\t<\/div>\n\t\t\t\t<\/div>\n\t\t\t\t<\/div>\n\t\t<div class=\"elementor-element elementor-element-2ab58edc e-con-full e-flex e-con e-parent\" data-id=\"2ab58edc\" data-element_type=\"container\" data-e-type=\"container\" data-settings=\"{&quot;background_background&quot;:&quot;classic&quot;,&quot;ekit_has_onepagescroll_dot&quot;:&quot;yes&quot;}\">\n\t\t<div class=\"elementor-element elementor-element-df5133d e-con-full e-flex e-con e-child\" data-id=\"df5133d\" data-element_type=\"container\" data-e-type=\"container\" data-settings=\"{&quot;ekit_has_onepagescroll_dot&quot;:&quot;yes&quot;}\">\n\t\t\t\t<\/div>\n\t\t<div class=\"elementor-element elementor-element-d354b7c e-con-full e-flex e-con e-child\" data-id=\"d354b7c\" data-element_type=\"container\" data-e-type=\"container\" data-settings=\"{&quot;ekit_has_onepagescroll_dot&quot;:&quot;yes&quot;}\">\n\t\t\t\t<div class=\"elementor-element elementor-element-a98abf7 elementor-widget elementor-widget-text-editor\" data-id=\"a98abf7\" data-element_type=\"widget\" data-e-type=\"widget\" data-settings=\"{&quot;ekit_we_effect_on&quot;:&quot;none&quot;}\" data-widget_type=\"text-editor.default\">\n\t\t\t\t<div class=\"elementor-widget-container\">\n\t\t\t\t\t\t\t\t\t<p data-start=\"215\" data-end=\"434\">Im Ramadan organisierte der <strong data-start=\"243\" data-end=\"259\">Rhein Verein<\/strong> eine besondere Iftarveranstaltung. Gemeinsam mit unseren gesch\u00e4tzten G\u00e4sten aus der Schweiz, insbesondere aus unserem Kanton, durften wir einen unvergesslichen Abend erleben.<\/p><p data-start=\"436\" data-end=\"728\">Bei einem traditionellen Iftar-Essen teilten wir nicht nur Speisen, sondern auch die kulturellen Werte unseres Vereins. In einer herzlichen Atmosph\u00e4re stellten wir den G\u00e4sten den <strong data-start=\"615\" data-end=\"631\">Rhein Verein<\/strong> vor, erkl\u00e4rten die Bedeutung des Ramadans und gaben Einblicke in unsere kulturellen Traditionen.<\/p><p>\n\n<\/p><p data-start=\"730\" data-end=\"1062\">Der Abend bot eine wunderbare Gelegenheit zum interkulturellen Austausch mit unseren Schweizer G\u00e4sten und trug dazu bei, Br\u00fccken zwischen den Kulturen zu bauen. Die gemeinsame Zeit war gepr\u00e4gt von Offenheit, gegenseitigem Verst\u00e4ndnis und sch\u00f6nen Gespr\u00e4chen \u2014 ein Moment der Verbundenheit, der allen lange in Erinnerung bleiben wird.<\/p>\t\t\t\t\t\t\t\t<\/div>\n\t\t\t\t<\/div>\n\t\t\t\t<\/div>\n\t\t\t\t<\/div>\n\t\t<div class=\"elementor-element elementor-element-16aae224 e-con-full e-flex e-con e-parent\" data-id=\"16aae224\" data-element_type=\"container\" data-e-type=\"container\" data-settings=\"{&quot;ekit_has_onepagescroll_dot&quot;:&quot;yes&quot;}\">\n\t\t\t\t<div class=\"elementor-element elementor-element-2f994592 elementor-widget elementor-widget-gallery\" data-id=\"2f994592\" data-element_type=\"widget\" data-e-type=\"widget\" data-settings=\"{&quot;lazyload&quot;:&quot;yes&quot;,&quot;gallery_layout&quot;:&quot;grid&quot;,&quot;columns&quot;:4,&quot;columns_tablet&quot;:2,&quot;columns_mobile&quot;:1,&quot;gap&quot;:{&quot;unit&quot;:&quot;px&quot;,&quot;size&quot;:10,&quot;sizes&quot;:[]},&quot;gap_tablet&quot;:{&quot;unit&quot;:&quot;px&quot;,&quot;size&quot;:10,&quot;sizes&quot;:[]},&quot;gap_mobile&quot;:{&quot;unit&quot;:&quot;px&quot;,&quot;size&quot;:10,&quot;sizes&quot;:[]},&quot;link_to&quot;:&quot;file&quot;,&quot;aspect_ratio&quot;:&quot;3:2&quot;,&quot;show_all_galleries&quot;:&quot;yes&quot;,&quot;overlay_background&quot;:&quot;yes&quot;,&quot;content_hover_animation&quot;:&quot;fade-in&quot;,&quot;ekit_we_effect_on&quot;:&quot;none&quot;}\" data-widget_type=\"gallery.default\">\n\t\t\t\t<div class=\"elementor-widget-container\">\n\t\t\t\t\t\t\t\t<div class=\"elementor-gallery__titles-container e--pointer-underline e--animation-fade\" aria-label=\"Gallery filter\">\n\t\t\t\t\t\t\t\t\t<a class=\"elementor-item elementor-gallery-title\" role=\"button\" tabindex=\"0\" data-gallery-index=\"all\">\n\t\t\t\t\t\tAll\t\t\t\t\t<\/a>\n\t\t\t\t\n\t\t\t\t\t\t\t\t\t<a class=\"elementor-item elementor-gallery-title\" role=\"button\" tabindex=\"0\" data-gallery-index=\"0\">\n\t\t\t\t\t\tFastenbrechen 2025\t\t\t\t\t<\/a>\n\t\t\t\t\t\t\t\t<\/div>\n\t\t\t\t\t<div class=\"elementor-gallery__container\">\n\t\t\t\t\t\t\t<a class=\"e-gallery-item elementor-gallery-item elementor-animated-content\" data-e-gallery-tags=\"0\" href=\"https:\/\/vereinrhein.ch\/wp-content\/uploads\/2025\/06\/IMG_0053.jpg\" data-elementor-open-lightbox=\"yes\" data-elementor-lightbox-slideshow=\"2f994592\" data-elementor-lightbox-title=\"IMG_0053\" data-e-action-hash=\"#elementor-action%3Aaction%3Dlightbox%26settings%3DeyJpZCI6NjA5LCJ1cmwiOiJodHRwczpcL1wvdmVyZWlucmhlaW4uY2hcL3dwLWNvbnRlbnRcL3VwbG9hZHNcLzIwMjVcLzA2XC9JTUdfMDA1My5qcGciLCJzbGlkZXNob3ciOiIyZjk5NDU5MiJ9\">\n\t\t\t\t\t<div class=\"e-gallery-image elementor-gallery-item__image\" data-thumbnail=\"https:\/\/vereinrhein.ch\/wp-content\/uploads\/2025\/06\/IMG_0053-1024x768.jpg\" data-width=\"800\" data-height=\"600\" aria-label=\"\" role=\"img\" ><\/div>\n\t\t\t\t\t\t\t\t\t\t\t<div class=\"elementor-gallery-item__overlay\"><\/div>\n\t\t\t\t\t\t\t\t\t\t\t\t\t\t<\/a>\n\t\t\t\t\t\t\t<a class=\"e-gallery-item elementor-gallery-item elementor-animated-content\" data-e-gallery-tags=\"0\" href=\"https:\/\/vereinrhein.ch\/wp-content\/uploads\/2025\/06\/IMG_0065.jpg\" data-elementor-open-lightbox=\"yes\" data-elementor-lightbox-slideshow=\"2f994592\" data-elementor-lightbox-title=\"IMG_0065\" data-e-action-hash=\"#elementor-action%3Aaction%3Dlightbox%26settings%3DeyJpZCI6NjEwLCJ1cmwiOiJodHRwczpcL1wvdmVyZWlucmhlaW4uY2hcL3dwLWNvbnRlbnRcL3VwbG9hZHNcLzIwMjVcLzA2XC9JTUdfMDA2NS5qcGciLCJzbGlkZXNob3ciOiIyZjk5NDU5MiJ9\">\n\t\t\t\t\t<div class=\"e-gallery-image elementor-gallery-item__image\" data-thumbnail=\"https:\/\/vereinrhein.ch\/wp-content\/uploads\/2025\/06\/IMG_0065-768x1024.jpg\" data-width=\"768\" data-height=\"1024\" aria-label=\"\" role=\"img\" ><\/div>\n\t\t\t\t\t\t\t\t\t\t\t<div class=\"elementor-gallery-item__overlay\"><\/div>\n\t\t\t\t\t\t\t\t\t\t\t\t\t\t<\/a>\n\t\t\t\t\t\t\t<a class=\"e-gallery-item elementor-gallery-item elementor-animated-content\" data-e-gallery-tags=\"0\" href=\"https:\/\/vereinrhein.ch\/wp-content\/uploads\/2025\/06\/IMG_0057.jpg\" data-elementor-open-lightbox=\"yes\" data-elementor-lightbox-slideshow=\"2f994592\" data-elementor-lightbox-title=\"IMG_0057\" data-e-action-hash=\"#elementor-action%3Aaction%3Dlightbox%26settings%3DeyJpZCI6NjExLCJ1cmwiOiJodHRwczpcL1wvdmVyZWlucmhlaW4uY2hcL3dwLWNvbnRlbnRcL3VwbG9hZHNcLzIwMjVcLzA2XC9JTUdfMDA1Ny5qcGciLCJzbGlkZXNob3ciOiIyZjk5NDU5MiJ9\">\n\t\t\t\t\t<div class=\"e-gallery-image elementor-gallery-item__image\" data-thumbnail=\"https:\/\/vereinrhein.ch\/wp-content\/uploads\/2025\/06\/IMG_0057-1024x768.jpg\" data-width=\"800\" data-height=\"600\" aria-label=\"\" role=\"img\" ><\/div>\n\t\t\t\t\t\t\t\t\t\t\t<div class=\"elementor-gallery-item__overlay\"><\/div>\n\t\t\t\t\t\t\t\t\t\t\t\t\t\t<\/a>\n\t\t\t\t\t\t\t<a class=\"e-gallery-item elementor-gallery-item elementor-animated-content\" data-e-gallery-tags=\"0\" href=\"https:\/\/vereinrhein.ch\/wp-content\/uploads\/2025\/06\/IMG_0080-scaled.jpg\" data-elementor-open-lightbox=\"yes\" data-elementor-lightbox-slideshow=\"2f994592\" data-elementor-lightbox-title=\"IMG_0080\" data-e-action-hash=\"#elementor-action%3Aaction%3Dlightbox%26settings%3DeyJpZCI6NjEyLCJ1cmwiOiJodHRwczpcL1wvdmVyZWlucmhlaW4uY2hcL3dwLWNvbnRlbnRcL3VwbG9hZHNcLzIwMjVcLzA2XC9JTUdfMDA4MC1zY2FsZWQuanBnIiwic2xpZGVzaG93IjoiMmY5OTQ1OTIifQ%3D%3D\">\n\t\t\t\t\t<div class=\"e-gallery-image elementor-gallery-item__image\" data-thumbnail=\"https:\/\/vereinrhein.ch\/wp-content\/uploads\/2025\/06\/IMG_0080-1024x768.jpg\" data-width=\"800\" data-height=\"600\" aria-label=\"\" role=\"img\" ><\/div>\n\t\t\t\t\t\t\t\t\t\t\t<div class=\"elementor-gallery-item__overlay\"><\/div>\n\t\t\t\t\t\t\t\t\t\t\t\t\t\t<\/a>\n\t\t\t\t\t<\/div>\n\t\t\t\t\t<\/div>\n\t\t\t\t<\/div>\n\t\t\t\t<\/div>\n\t\t\t\t<\/div>\n\t\t","protected":false},"excerpt":{"rendered":"<p>Fastenbrechen Im Ramadan organisierte der Rhein Verein eine besondere Iftarveranstaltung. Gemeinsam mit unseren gesch\u00e4tzten G\u00e4sten aus der Schweiz, insbesondere aus unserem Kanton, durften wir einen unvergesslichen Abend erleben. Bei einem traditionellen Iftar-Essen teilten wir nicht nur Speisen, sondern auch die kulturellen Werte unseres Vereins. In einer herzlichen Atmosph\u00e4re stellten wir den G\u00e4sten den Rhein Verein [&hellip;]<\/p>\n","protected":false},"author":1,"featured_media":0,"parent":0,"menu_order":0,"comment_status":"closed","ping_status":"closed","template":"","meta":{"footnotes":""},"class_list":["post-683","page","type-page","status-publish","hentry"],"_links":{"self":[{"href":"https:\/\/vereinrhein.ch\/index.php?rest_route=\/wp\/v2\/pages\/683","targetHints":{"allow":["GET"]}}],"collection":[{"href":"https:\/\/vereinrhein.ch\/index.php?rest_route=\/wp\/v2\/pages"}],"about":[{"href":"https:\/\/vereinrhein.ch\/index.php?rest_route=\/wp\/v2\/types\/page"}],"author":[{"embeddable":true,"href":"https:\/\/vereinrhein.ch\/index.php?rest_route=\/wp\/v2\/users\/1"}],"replies":[{"embeddable":true,"href":"https:\/\/vereinrhein.ch\/index.php?rest_route=%2Fwp%2Fv2%2Fcomments&post=683"}],"version-history":[{"count":10,"href":"https:\/\/vereinrhein.ch\/index.php?rest_route=\/wp\/v2\/pages\/683\/revisions"}],"predecessor-version":[{"id":722,"href":"https:\/\/vereinrhein.ch\/index.php?rest_route=\/wp\/v2\/pages\/683\/revisions\/722"}],"wp:attachment":[{"href":"https:\/\/vereinrhein.ch\/index.php?rest_route=%2Fwp%2Fv2%2Fmedia&parent=683"}],"curies":[{"name":"wp","href":"https:\/\/api.w.org\/{rel}","templated":true}]}}