{"id":681,"date":"2025-06-08T17:27:20","date_gmt":"2025-06-08T14:27:20","guid":{"rendered":"https:\/\/vereinrhein.ch\/?page_id=681"},"modified":"2025-06-08T18:04:27","modified_gmt":"2025-06-08T15:04:27","slug":"muttertag","status":"publish","type":"page","link":"https:\/\/vereinrhein.ch\/?page_id=681","title":{"rendered":"Muttertag"},"content":{"rendered":"\t\t<div data-elementor-type=\"wp-page\" data-elementor-id=\"681\" class=\"elementor elementor-681\" data-elementor-post-type=\"page\">\n\t\t\t\t<div class=\"elementor-element elementor-element-8627603 e-con-full e-flex e-con e-parent\" data-id=\"8627603\" data-element_type=\"container\" data-e-type=\"container\" data-settings=\"{&quot;ekit_has_onepagescroll_dot&quot;:&quot;yes&quot;}\">\n\t\t\t\t<div class=\"elementor-element elementor-element-26746251 elementor-widget elementor-widget-heading\" data-id=\"26746251\" data-element_type=\"widget\" data-e-type=\"widget\" data-settings=\"{&quot;ekit_we_effect_on&quot;:&quot;none&quot;}\" data-widget_type=\"heading.default\">\n\t\t\t\t<div class=\"elementor-widget-container\">\n\t\t\t\t\t<h2 class=\"elementor-heading-title elementor-size-default\">Muttertag | 12.05.2024<\/h2>\t\t\t\t<\/div>\n\t\t\t\t<\/div>\n\t\t\t\t<\/div>\n\t\t<div class=\"elementor-element elementor-element-4535aca2 e-con-full e-flex e-con e-parent\" data-id=\"4535aca2\" data-element_type=\"container\" data-e-type=\"container\" data-settings=\"{&quot;ekit_has_onepagescroll_dot&quot;:&quot;yes&quot;}\">\n\t\t<div class=\"elementor-element elementor-element-53dfe05e e-con-full e-flex e-con e-child\" data-id=\"53dfe05e\" data-element_type=\"container\" data-e-type=\"container\" data-settings=\"{&quot;ekit_has_onepagescroll_dot&quot;:&quot;yes&quot;}\">\n\t\t\t\t<div class=\"elementor-element elementor-element-d43aae8 elementor-widget elementor-widget-image\" data-id=\"d43aae8\" data-element_type=\"widget\" data-e-type=\"widget\" data-settings=\"{&quot;ekit_we_effect_on&quot;:&quot;none&quot;}\" data-widget_type=\"image.default\">\n\t\t\t\t<div class=\"elementor-widget-container\">\n\t\t\t\t\t\t\t\t\t\t\t\t\t\t\t<img fetchpriority=\"high\" decoding=\"async\" width=\"800\" height=\"533\" src=\"https:\/\/vereinrhein.ch\/wp-content\/uploads\/2025\/06\/CorrectColor_15_20250606-1024x682.png\" class=\"attachment-large size-large wp-image-649\" alt=\"\" srcset=\"https:\/\/vereinrhein.ch\/wp-content\/uploads\/2025\/06\/CorrectColor_15_20250606-1024x682.png 1024w, https:\/\/vereinrhein.ch\/wp-content\/uploads\/2025\/06\/CorrectColor_15_20250606-300x200.png 300w, https:\/\/vereinrhein.ch\/wp-content\/uploads\/2025\/06\/CorrectColor_15_20250606-768x512.png 768w, https:\/\/vereinrhein.ch\/wp-content\/uploads\/2025\/06\/CorrectColor_15_20250606-1536x1023.png 1536w, https:\/\/vereinrhein.ch\/wp-content\/uploads\/2025\/06\/CorrectColor_15_20250606.png 1600w\" sizes=\"(max-width: 800px) 100vw, 800px\" \/>\t\t\t\t\t\t\t\t\t\t\t\t\t\t\t<\/div>\n\t\t\t\t<\/div>\n\t\t\t\t<\/div>\n\t\t<div class=\"elementor-element elementor-element-3bf7eb1 e-con-full e-flex e-con e-child\" data-id=\"3bf7eb1\" data-element_type=\"container\" data-e-type=\"container\" data-settings=\"{&quot;ekit_has_onepagescroll_dot&quot;:&quot;yes&quot;}\">\n\t\t\t\t<div class=\"elementor-element elementor-element-7762396 elementor-widget elementor-widget-text-editor\" data-id=\"7762396\" data-element_type=\"widget\" data-e-type=\"widget\" data-settings=\"{&quot;ekit_we_effect_on&quot;:&quot;none&quot;}\" data-widget_type=\"text-editor.default\">\n\t\t\t\t<div class=\"elementor-widget-container\">\n\t\t\t\t\t\t\t\t\t<p>Am 12. Mai organisierte die Bildungs- und Kulturkommission zusammen mit den Kindern einen besonderen Muttertag f\u00fcr ihre M\u00fctter. Unsere Kinder pr\u00e4sentierten ihren M\u00fcttern die Auff\u00fchrungen, die sie mit viel Liebe und Hingabe vorbereitet hatten. Durch ihre Darbietungen \u00fcberreichten sie ihren M\u00fcttern ein wundersch\u00f6nes Geschenk, das von Herzen kam und ihre Wertsch\u00e4tzung ausdr\u00fcckte. Es war ein unvergesslicher Tag, der die wichtige Rolle der M\u00fctter in unserem Leben feierte und die Bindung zwischen Kindern und M\u00fcttern st\u00e4rkte. Wir danken allen Beteiligten f\u00fcr ihre Unterst\u00fctzung und freuen uns auf viele weitere gemeinsame Erlebnisse.<\/p>\t\t\t\t\t\t\t\t<\/div>\n\t\t\t\t<\/div>\n\t\t\t\t<\/div>\n\t\t\t\t<\/div>\n\t\t<div class=\"elementor-element elementor-element-52e25c78 e-con-full e-flex e-con e-parent\" data-id=\"52e25c78\" data-element_type=\"container\" data-e-type=\"container\" data-settings=\"{&quot;ekit_has_onepagescroll_dot&quot;:&quot;yes&quot;}\">\n\t\t\t\t<div class=\"elementor-element elementor-element-cb25287 elementor-widget elementor-widget-gallery\" data-id=\"cb25287\" data-element_type=\"widget\" data-e-type=\"widget\" data-settings=\"{&quot;lazyload&quot;:&quot;yes&quot;,&quot;gallery_layout&quot;:&quot;grid&quot;,&quot;columns&quot;:4,&quot;columns_tablet&quot;:2,&quot;columns_mobile&quot;:1,&quot;gap&quot;:{&quot;unit&quot;:&quot;px&quot;,&quot;size&quot;:10,&quot;sizes&quot;:[]},&quot;gap_tablet&quot;:{&quot;unit&quot;:&quot;px&quot;,&quot;size&quot;:10,&quot;sizes&quot;:[]},&quot;gap_mobile&quot;:{&quot;unit&quot;:&quot;px&quot;,&quot;size&quot;:10,&quot;sizes&quot;:[]},&quot;link_to&quot;:&quot;file&quot;,&quot;aspect_ratio&quot;:&quot;3:2&quot;,&quot;show_all_galleries&quot;:&quot;yes&quot;,&quot;overlay_background&quot;:&quot;yes&quot;,&quot;content_hover_animation&quot;:&quot;fade-in&quot;,&quot;ekit_we_effect_on&quot;:&quot;none&quot;}\" data-widget_type=\"gallery.default\">\n\t\t\t\t<div class=\"elementor-widget-container\">\n\t\t\t\t\t\t\t\t<div class=\"elementor-gallery__titles-container e--pointer-underline e--animation-fade\" aria-label=\"Gallery filter\">\n\t\t\t\t\t\t\t\t\t<a class=\"elementor-item elementor-gallery-title\" role=\"button\" tabindex=\"0\" data-gallery-index=\"all\">\n\t\t\t\t\t\tAll\t\t\t\t\t<\/a>\n\t\t\t\t\n\t\t\t\t\t\t\t\t\t<a class=\"elementor-item elementor-gallery-title\" role=\"button\" tabindex=\"0\" data-gallery-index=\"0\">\n\t\t\t\t\t\tMuttertag\t\t\t\t\t<\/a>\n\t\t\t\t\t\t\t\t<\/div>\n\t\t\t\t\t<div class=\"elementor-gallery__container\">\n\t\t\t\t\t\t\t<a class=\"e-gallery-item elementor-gallery-item elementor-animated-content\" data-e-gallery-tags=\"0\" href=\"https:\/\/vereinrhein.ch\/wp-content\/uploads\/2025\/06\/CorrectColor_1_20250606.png\" data-elementor-open-lightbox=\"yes\" data-elementor-lightbox-slideshow=\"cb25287\" data-elementor-lightbox-title=\"CorrectColor_1_20250606\" data-e-action-hash=\"#elementor-action%3Aaction%3Dlightbox%26settings%3DeyJpZCI6NjU4LCJ1cmwiOiJodHRwczpcL1wvdmVyZWlucmhlaW4uY2hcL3dwLWNvbnRlbnRcL3VwbG9hZHNcLzIwMjVcLzA2XC9Db3JyZWN0Q29sb3JfMV8yMDI1MDYwNi5wbmciLCJzbGlkZXNob3ciOiJjYjI1Mjg3In0%3D\">\n\t\t\t\t\t<div class=\"e-gallery-image elementor-gallery-item__image\" data-thumbnail=\"https:\/\/vereinrhein.ch\/wp-content\/uploads\/2025\/06\/CorrectColor_1_20250606-1024x682.png\" data-width=\"800\" data-height=\"533\" aria-label=\"\" role=\"img\" ><\/div>\n\t\t\t\t\t\t\t\t\t\t\t<div class=\"elementor-gallery-item__overlay\"><\/div>\n\t\t\t\t\t\t\t\t\t\t\t\t\t\t<\/a>\n\t\t\t\t\t\t\t<a class=\"e-gallery-item elementor-gallery-item elementor-animated-content\" data-e-gallery-tags=\"0\" href=\"https:\/\/vereinrhein.ch\/wp-content\/uploads\/2025\/06\/CorrectColor_39_20250606.png\" data-elementor-open-lightbox=\"yes\" data-elementor-lightbox-slideshow=\"cb25287\" data-elementor-lightbox-title=\"CorrectColor_39_20250606\" data-e-action-hash=\"#elementor-action%3Aaction%3Dlightbox%26settings%3DeyJpZCI6NjUwLCJ1cmwiOiJodHRwczpcL1wvdmVyZWlucmhlaW4uY2hcL3dwLWNvbnRlbnRcL3VwbG9hZHNcLzIwMjVcLzA2XC9Db3JyZWN0Q29sb3JfMzlfMjAyNTA2MDYucG5nIiwic2xpZGVzaG93IjoiY2IyNTI4NyJ9\">\n\t\t\t\t\t<div class=\"e-gallery-image elementor-gallery-item__image\" data-thumbnail=\"https:\/\/vereinrhein.ch\/wp-content\/uploads\/2025\/06\/CorrectColor_39_20250606-682x1024.png\" data-width=\"682\" data-height=\"1024\" aria-label=\"\" role=\"img\" ><\/div>\n\t\t\t\t\t\t\t\t\t\t\t<div class=\"elementor-gallery-item__overlay\"><\/div>\n\t\t\t\t\t\t\t\t\t\t\t\t\t\t<\/a>\n\t\t\t\t\t\t\t<a class=\"e-gallery-item elementor-gallery-item elementor-animated-content\" data-e-gallery-tags=\"0\" href=\"https:\/\/vereinrhein.ch\/wp-content\/uploads\/2025\/06\/CorrectColor_35_20250606.png\" data-elementor-open-lightbox=\"yes\" data-elementor-lightbox-slideshow=\"cb25287\" data-elementor-lightbox-title=\"CorrectColor_35_20250606\" data-e-action-hash=\"#elementor-action%3Aaction%3Dlightbox%26settings%3DeyJpZCI6NjUxLCJ1cmwiOiJodHRwczpcL1wvdmVyZWlucmhlaW4uY2hcL3dwLWNvbnRlbnRcL3VwbG9hZHNcLzIwMjVcLzA2XC9Db3JyZWN0Q29sb3JfMzVfMjAyNTA2MDYucG5nIiwic2xpZGVzaG93IjoiY2IyNTI4NyJ9\">\n\t\t\t\t\t<div class=\"e-gallery-image elementor-gallery-item__image\" data-thumbnail=\"https:\/\/vereinrhein.ch\/wp-content\/uploads\/2025\/06\/CorrectColor_35_20250606-682x1024.png\" data-width=\"682\" data-height=\"1024\" aria-label=\"\" role=\"img\" ><\/div>\n\t\t\t\t\t\t\t\t\t\t\t<div class=\"elementor-gallery-item__overlay\"><\/div>\n\t\t\t\t\t\t\t\t\t\t\t\t\t\t<\/a>\n\t\t\t\t\t\t\t<a class=\"e-gallery-item elementor-gallery-item elementor-animated-content\" data-e-gallery-tags=\"0\" href=\"https:\/\/vereinrhein.ch\/wp-content\/uploads\/2025\/06\/CorrectColor_27_20250606.png\" data-elementor-open-lightbox=\"yes\" data-elementor-lightbox-slideshow=\"cb25287\" data-elementor-lightbox-title=\"CorrectColor_27_20250606\" data-e-action-hash=\"#elementor-action%3Aaction%3Dlightbox%26settings%3DeyJpZCI6NjUzLCJ1cmwiOiJodHRwczpcL1wvdmVyZWlucmhlaW4uY2hcL3dwLWNvbnRlbnRcL3VwbG9hZHNcLzIwMjVcLzA2XC9Db3JyZWN0Q29sb3JfMjdfMjAyNTA2MDYucG5nIiwic2xpZGVzaG93IjoiY2IyNTI4NyJ9\">\n\t\t\t\t\t<div class=\"e-gallery-image elementor-gallery-item__image\" data-thumbnail=\"https:\/\/vereinrhein.ch\/wp-content\/uploads\/2025\/06\/CorrectColor_27_20250606-1024x683.png\" data-width=\"800\" data-height=\"534\" aria-label=\"\" role=\"img\" ><\/div>\n\t\t\t\t\t\t\t\t\t\t\t<div class=\"elementor-gallery-item__overlay\"><\/div>\n\t\t\t\t\t\t\t\t\t\t\t\t\t\t<\/a>\n\t\t\t\t\t\t\t<a class=\"e-gallery-item elementor-gallery-item elementor-animated-content\" data-e-gallery-tags=\"0\" href=\"https:\/\/vereinrhein.ch\/wp-content\/uploads\/2025\/06\/CorrectColor_17_20250606.png\" data-elementor-open-lightbox=\"yes\" data-elementor-lightbox-slideshow=\"cb25287\" data-elementor-lightbox-title=\"CorrectColor_17_20250606\" data-e-action-hash=\"#elementor-action%3Aaction%3Dlightbox%26settings%3DeyJpZCI6NjU0LCJ1cmwiOiJodHRwczpcL1wvdmVyZWlucmhlaW4uY2hcL3dwLWNvbnRlbnRcL3VwbG9hZHNcLzIwMjVcLzA2XC9Db3JyZWN0Q29sb3JfMTdfMjAyNTA2MDYucG5nIiwic2xpZGVzaG93IjoiY2IyNTI4NyJ9\">\n\t\t\t\t\t<div class=\"e-gallery-image elementor-gallery-item__image\" data-thumbnail=\"https:\/\/vereinrhein.ch\/wp-content\/uploads\/2025\/06\/CorrectColor_17_20250606-1024x682.png\" data-width=\"800\" data-height=\"533\" aria-label=\"\" role=\"img\" ><\/div>\n\t\t\t\t\t\t\t\t\t\t\t<div class=\"elementor-gallery-item__overlay\"><\/div>\n\t\t\t\t\t\t\t\t\t\t\t\t\t\t<\/a>\n\t\t\t\t\t\t\t<a class=\"e-gallery-item elementor-gallery-item elementor-animated-content\" data-e-gallery-tags=\"0\" href=\"https:\/\/vereinrhein.ch\/wp-content\/uploads\/2025\/06\/CorrectColor_10_20250606.png\" data-elementor-open-lightbox=\"yes\" data-elementor-lightbox-slideshow=\"cb25287\" data-elementor-lightbox-title=\"CorrectColor_10_20250606\" data-e-action-hash=\"#elementor-action%3Aaction%3Dlightbox%26settings%3DeyJpZCI6NjU1LCJ1cmwiOiJodHRwczpcL1wvdmVyZWlucmhlaW4uY2hcL3dwLWNvbnRlbnRcL3VwbG9hZHNcLzIwMjVcLzA2XC9Db3JyZWN0Q29sb3JfMTBfMjAyNTA2MDYucG5nIiwic2xpZGVzaG93IjoiY2IyNTI4NyJ9\">\n\t\t\t\t\t<div class=\"e-gallery-image elementor-gallery-item__image\" data-thumbnail=\"https:\/\/vereinrhein.ch\/wp-content\/uploads\/2025\/06\/CorrectColor_10_20250606-1024x682.png\" data-width=\"800\" data-height=\"533\" aria-label=\"\" role=\"img\" ><\/div>\n\t\t\t\t\t\t\t\t\t\t\t<div class=\"elementor-gallery-item__overlay\"><\/div>\n\t\t\t\t\t\t\t\t\t\t\t\t\t\t<\/a>\n\t\t\t\t\t\t\t<a class=\"e-gallery-item elementor-gallery-item elementor-animated-content\" data-e-gallery-tags=\"0\" href=\"https:\/\/vereinrhein.ch\/wp-content\/uploads\/2025\/06\/CorrectColor_6_20250606.png\" data-elementor-open-lightbox=\"yes\" data-elementor-lightbox-slideshow=\"cb25287\" data-elementor-lightbox-title=\"CorrectColor_6_20250606\" data-e-action-hash=\"#elementor-action%3Aaction%3Dlightbox%26settings%3DeyJpZCI6NjU3LCJ1cmwiOiJodHRwczpcL1wvdmVyZWlucmhlaW4uY2hcL3dwLWNvbnRlbnRcL3VwbG9hZHNcLzIwMjVcLzA2XC9Db3JyZWN0Q29sb3JfNl8yMDI1MDYwNi5wbmciLCJzbGlkZXNob3ciOiJjYjI1Mjg3In0%3D\">\n\t\t\t\t\t<div class=\"e-gallery-image elementor-gallery-item__image\" data-thumbnail=\"https:\/\/vereinrhein.ch\/wp-content\/uploads\/2025\/06\/CorrectColor_6_20250606-1024x682.png\" data-width=\"800\" data-height=\"533\" aria-label=\"\" role=\"img\" ><\/div>\n\t\t\t\t\t\t\t\t\t\t\t<div class=\"elementor-gallery-item__overlay\"><\/div>\n\t\t\t\t\t\t\t\t\t\t\t\t\t\t<\/a>\n\t\t\t\t\t\t\t<a class=\"e-gallery-item elementor-gallery-item elementor-animated-content\" data-e-gallery-tags=\"0\" href=\"https:\/\/vereinrhein.ch\/wp-content\/uploads\/2025\/06\/EnhanceLowLightImage_3_20250606.png\" data-elementor-open-lightbox=\"yes\" data-elementor-lightbox-slideshow=\"cb25287\" data-elementor-lightbox-title=\"EnhanceLowLightImage_3_20250606\" data-e-action-hash=\"#elementor-action%3Aaction%3Dlightbox%26settings%3DeyJpZCI6NjU5LCJ1cmwiOiJodHRwczpcL1wvdmVyZWlucmhlaW4uY2hcL3dwLWNvbnRlbnRcL3VwbG9hZHNcLzIwMjVcLzA2XC9FbmhhbmNlTG93TGlnaHRJbWFnZV8zXzIwMjUwNjA2LnBuZyIsInNsaWRlc2hvdyI6ImNiMjUyODcifQ%3D%3D\">\n\t\t\t\t\t<div class=\"e-gallery-image elementor-gallery-item__image\" data-thumbnail=\"https:\/\/vereinrhein.ch\/wp-content\/uploads\/2025\/06\/EnhanceLowLightImage_3_20250606-568x1024.png\" data-width=\"568\" data-height=\"1024\" aria-label=\"\" role=\"img\" ><\/div>\n\t\t\t\t\t\t\t\t\t\t\t<div class=\"elementor-gallery-item__overlay\"><\/div>\n\t\t\t\t\t\t\t\t\t\t\t\t\t\t<\/a>\n\t\t\t\t\t<\/div>\n\t\t\t\t\t<\/div>\n\t\t\t\t<\/div>\n\t\t\t\t<\/div>\n\t\t\t\t<\/div>\n\t\t","protected":false},"excerpt":{"rendered":"<p>Muttertag | 12.05.2024 Am 12. Mai organisierte die Bildungs- und Kulturkommission zusammen mit den Kindern einen besonderen Muttertag f\u00fcr ihre M\u00fctter. Unsere Kinder pr\u00e4sentierten ihren M\u00fcttern die Auff\u00fchrungen, die sie mit viel Liebe und Hingabe vorbereitet hatten. Durch ihre Darbietungen \u00fcberreichten sie ihren M\u00fcttern ein wundersch\u00f6nes Geschenk, das von Herzen kam und ihre Wertsch\u00e4tzung ausdr\u00fcckte. [&hellip;]<\/p>\n","protected":false},"author":1,"featured_media":0,"parent":0,"menu_order":0,"comment_status":"closed","ping_status":"closed","template":"","meta":{"footnotes":""},"class_list":["post-681","page","type-page","status-publish","hentry"],"_links":{"self":[{"href":"https:\/\/vereinrhein.ch\/index.php?rest_route=\/wp\/v2\/pages\/681","targetHints":{"allow":["GET"]}}],"collection":[{"href":"https:\/\/vereinrhein.ch\/index.php?rest_route=\/wp\/v2\/pages"}],"about":[{"href":"https:\/\/vereinrhein.ch\/index.php?rest_route=\/wp\/v2\/types\/page"}],"author":[{"embeddable":true,"href":"https:\/\/vereinrhein.ch\/index.php?rest_route=\/wp\/v2\/users\/1"}],"replies":[{"embeddable":true,"href":"https:\/\/vereinrhein.ch\/index.php?rest_route=%2Fwp%2Fv2%2Fcomments&post=681"}],"version-history":[{"count":13,"href":"https:\/\/vereinrhein.ch\/index.php?rest_route=\/wp\/v2\/pages\/681\/revisions"}],"predecessor-version":[{"id":702,"href":"https:\/\/vereinrhein.ch\/index.php?rest_route=\/wp\/v2\/pages\/681\/revisions\/702"}],"wp:attachment":[{"href":"https:\/\/vereinrhein.ch\/index.php?rest_route=%2Fwp%2Fv2%2Fmedia&parent=681"}],"curies":[{"name":"wp","href":"https:\/\/api.w.org\/{rel}","templated":true}]}}