{"id":149,"date":"2025-05-05T01:56:02","date_gmt":"2025-05-04T22:56:02","guid":{"rendered":"https:\/\/vereinrhein.ch\/?page_id=149"},"modified":"2025-06-04T22:30:28","modified_gmt":"2025-06-04T19:30:28","slug":"frauenkommission","status":"publish","type":"page","link":"https:\/\/vereinrhein.ch\/?page_id=149","title":{"rendered":"Frauenkommission"},"content":{"rendered":"\t\t<div data-elementor-type=\"wp-page\" data-elementor-id=\"149\" class=\"elementor elementor-149\" data-elementor-post-type=\"page\">\n\t\t\t\t<div class=\"elementor-element elementor-element-caac1b5 e-con-full e-flex e-con e-parent\" data-id=\"caac1b5\" data-element_type=\"container\" data-e-type=\"container\" data-settings=\"{&quot;ekit_has_onepagescroll_dot&quot;:&quot;yes&quot;}\">\n\t\t<div class=\"elementor-element elementor-element-39e8725 e-con-full e-flex e-con e-child\" data-id=\"39e8725\" data-element_type=\"container\" data-e-type=\"container\" data-settings=\"{&quot;ekit_has_onepagescroll_dot&quot;:&quot;yes&quot;}\">\n\t\t\t\t<div class=\"elementor-element elementor-element-0a4c85d elementor-widget elementor-widget-heading\" data-id=\"0a4c85d\" data-element_type=\"widget\" data-e-type=\"widget\" data-settings=\"{&quot;ekit_we_effect_on&quot;:&quot;none&quot;}\" data-widget_type=\"heading.default\">\n\t\t\t\t<div class=\"elementor-widget-container\">\n\t\t\t\t\t<h2 class=\"elementor-heading-title elementor-size-default\"> Frauenkommission<\/h2>\t\t\t\t<\/div>\n\t\t\t\t<\/div>\n\t\t\t\t<div class=\"elementor-element elementor-element-3d0a0b4 elementor-widget elementor-widget-text-editor\" data-id=\"3d0a0b4\" data-element_type=\"widget\" data-e-type=\"widget\" data-settings=\"{&quot;ekit_we_effect_on&quot;:&quot;none&quot;}\" data-widget_type=\"text-editor.default\">\n\t\t\t\t<div class=\"elementor-widget-container\">\n\t\t\t\t\t\t\t\t\t<p>In einer globalisierten Welt spielt die Kulturintegration eine entscheidende Rolle f\u00fcr das Zusammenleben verschiedener Gemeinschaften. Die Kultur- und Bildungskommission richtet sich in erster Linie an Kinder. Unser Ziel ist es, durch Bildungsaktivit\u00e4ten, Kurse und Nachhilfe den Kindern Unterst\u00fctzung zu bieten. Gleichzeitig m\u00f6chten wir durch kulturelle Aktivit\u00e4ten den Kindern ihre eigene Kultur n\u00e4herbringen und ihnen diese liebenswert machen.<\/p><p><strong>Unsere Aktivit\u00e4ten umfassen:<\/strong><\/p><ul><li><p><strong>Unterst\u00fctzende Nachhilfe:<\/strong>\u00a0Wir unterst\u00fctzen die schulische Bildung durch Nachhilfe in F\u00e4chern wie Deutsch, Mathematik und anderen.<\/p><\/li><\/ul><ul><li><p><strong>T\u00fcrkischunterricht:<\/strong>\u00a0Wir bieten T\u00fcrkischkurse an, um die Sprachkenntnisse der Kinder zu f\u00f6rdern und ihre Verbindung zur Muttersprache zu st\u00e4rken.<\/p><\/li><li><p><strong>Feierlichkeiten:<\/strong>\u00a0Wir organisieren Aktivit\u00e4ten, um den Kindern unsere nationalen und religi\u00f6sen Feiertage, literarische Werke und die Geschichte n\u00e4herzubringen.<\/p><\/li><\/ul><p>Unser Ziel ist es, den Kindern nicht nur eine fundierte Bildung zu bieten, sondern auch ihre kulturelle Identit\u00e4t zu st\u00e4rken und sie in ihrer Integration zu unterst\u00fctzen. Durch unsere vielf\u00e4ltigen Programme schaffen wir eine Umgebung, in der die Kinder sowohl akademisch als auch kulturell wachsen k\u00f6nnen<\/p>\t\t\t\t\t\t\t\t<\/div>\n\t\t\t\t<\/div>\n\t\t\t\t<\/div>\n\t\t<div class=\"elementor-element elementor-element-73851b0 e-con-full e-flex e-con e-child\" data-id=\"73851b0\" data-element_type=\"container\" data-e-type=\"container\" data-settings=\"{&quot;ekit_has_onepagescroll_dot&quot;:&quot;yes&quot;}\">\n\t\t\t\t<\/div>\n\t\t\t\t<\/div>\n\t\t\t\t<\/div>\n\t\t","protected":false},"excerpt":{"rendered":"<p>Frauenkommission In einer globalisierten Welt spielt die Kulturintegration eine entscheidende Rolle f\u00fcr das Zusammenleben verschiedener Gemeinschaften. Die Kultur- und Bildungskommission richtet sich in erster Linie an Kinder. Unser Ziel ist es, durch Bildungsaktivit\u00e4ten, Kurse und Nachhilfe den Kindern Unterst\u00fctzung zu bieten. Gleichzeitig m\u00f6chten wir durch kulturelle Aktivit\u00e4ten den Kindern ihre eigene Kultur n\u00e4herbringen und ihnen [&hellip;]<\/p>\n","protected":false},"author":1,"featured_media":0,"parent":0,"menu_order":0,"comment_status":"closed","ping_status":"closed","template":"","meta":{"footnotes":""},"class_list":["post-149","page","type-page","status-publish","hentry"],"_links":{"self":[{"href":"https:\/\/vereinrhein.ch\/index.php?rest_route=\/wp\/v2\/pages\/149","targetHints":{"allow":["GET"]}}],"collection":[{"href":"https:\/\/vereinrhein.ch\/index.php?rest_route=\/wp\/v2\/pages"}],"about":[{"href":"https:\/\/vereinrhein.ch\/index.php?rest_route=\/wp\/v2\/types\/page"}],"author":[{"embeddable":true,"href":"https:\/\/vereinrhein.ch\/index.php?rest_route=\/wp\/v2\/users\/1"}],"replies":[{"embeddable":true,"href":"https:\/\/vereinrhein.ch\/index.php?rest_route=%2Fwp%2Fv2%2Fcomments&post=149"}],"version-history":[{"count":7,"href":"https:\/\/vereinrhein.ch\/index.php?rest_route=\/wp\/v2\/pages\/149\/revisions"}],"predecessor-version":[{"id":642,"href":"https:\/\/vereinrhein.ch\/index.php?rest_route=\/wp\/v2\/pages\/149\/revisions\/642"}],"wp:attachment":[{"href":"https:\/\/vereinrhein.ch\/index.php?rest_route=%2Fwp%2Fv2%2Fmedia&parent=149"}],"curies":[{"name":"wp","href":"https:\/\/api.w.org\/{rel}","templated":true}]}}